{"id":1071,"date":"2021-06-24T13:56:00","date_gmt":"2021-06-24T13:56:00","guid":{"rendered":"http:\/\/empresadesarrollo.com\/?page_id=1071"},"modified":"2021-09-20T12:13:24","modified_gmt":"2021-09-20T12:13:24","slug":"quienes-somos","status":"publish","type":"page","link":"https:\/\/www.mvgarden.com\/garden-center\/quienes-somos\/","title":{"rendered":"Quienes somos"},"content":{"rendered":"<div id='full_slider_1'  class='avia-fullwidth-slider main_color avia-shadow  av-medium-hide av-small-hide av-mini-hide  avia-builder-el-0  el_before_av_section  avia-builder-el-first   container_wrap sidebar_right' style=' '  ><div   data-size='no scaling'  data-lightbox_size='large'  data-animation='fade'  data-conditional_play=''  data-ids='1072'  data-video_counter='0'  data-autoplay='true'  data-bg_slider='false'  data-slide_height=''  data-handle='av_slideshow_full'  data-interval='5'  data-class=' '  data-el_id=''  data-css_id=''  data-scroll_down=''  data-control_layout='av-control-minimal'  data-custom_markup=''  data-perma_caption=''  data-autoplay_stopper=''  data-image_attachment=''  data-min_height='0px'  data-lazy_loading='disabled'  data-src=''  data-position='top left'  data-repeat='no-repeat'  data-attach='scroll'  data-stretch=''  class='avia-slideshow avia-slideshow-1  av-control-minimal av-default-height-applied avia-slideshow-no scaling av_slideshow_full   avia-fade-slider '  itemprop=\"image\" itemscope=\"itemscope\" itemtype=\"https:\/\/schema.org\/ImageObject\" ><ul class='avia-slideshow-inner ' style='padding-bottom: 32.391454169538%;' ><li  class=' av-single-slide slide-1 ' ><div data-rel='slideshow-1' class='avia-slide-wrap '   ><div class = \"caption_fullwidth av-slideshow-caption caption_left\"><div class = \"container caption_container\"><div class = \"slideshow_caption\"><div class = \"slideshow_inner_caption\"><div class = \"slideshow_align_caption\"><h2  style='font-size:33px; ' class='avia-caption-title  '  itemprop=\"name\" >CONOCE NUESTRA HISTORIA<\/h2><\/div><\/div><\/div><\/div><\/div><img decoding=\"async\" class=\"wp-image-1072 avia-img-lazy-loading-not-1072\"  src=\"https:\/\/www.mvgarden.com\/garden-center\/wp-content\/uploads\/2021\/06\/vivero-historia.jpg\" width=\"1451\" height=\"470\" title='vivero-historia' alt=''  itemprop=\"thumbnailUrl\" srcset=\"https:\/\/www.mvgarden.com\/garden-center\/wp-content\/uploads\/2021\/06\/vivero-historia.jpg 1451w, https:\/\/www.mvgarden.com\/garden-center\/wp-content\/uploads\/2021\/06\/vivero-historia-403x131.jpg 403w, https:\/\/www.mvgarden.com\/garden-center\/wp-content\/uploads\/2021\/06\/vivero-historia-826x268.jpg 826w, https:\/\/www.mvgarden.com\/garden-center\/wp-content\/uploads\/2021\/06\/vivero-historia-768x249.jpg 768w, https:\/\/www.mvgarden.com\/garden-center\/wp-content\/uploads\/2021\/06\/vivero-historia-705x228.jpg 705w\" sizes=\"(max-width: 1451px) 100vw, 1451px\" \/><\/div><\/li><\/ul><\/div><\/div>\n<div id='slide_movil'  class='avia-section main_color avia-section-no-padding avia-no-border-styling  avia-bg-style-scroll  avia-builder-el-1  el_after_av_slideshow_full  el_before_av_section   av-desktop-hide container_wrap sidebar_right' style=' '  ><div class='container' ><div class='template-page content  av-content-small alpha units'><div class='post-entry post-entry-type-page post-entry-1071'><div class='entry-content-wrapper clearfix'>\n<div class=\"flex_column av_one_full  flex_column_div av-zero-column-padding first  avia-builder-el-2  el_before_av_textblock  avia-builder-el-first  \" style='border-radius:0px; '><div  class='avia-image-container  av-styling-    avia-builder-el-3  avia-builder-el-no-sibling  avia-align-center '  itemprop=\"image\" itemscope=\"itemscope\" itemtype=\"https:\/\/schema.org\/ImageObject\"  ><div class='avia-image-container-inner'><div class='avia-image-overlay-wrap'><img decoding=\"async\" class='wp-image-1072 avia-img-lazy-loading-not-1072 avia_image' src=\"https:\/\/www.mvgarden.com\/garden-center\/wp-content\/uploads\/2021\/06\/vivero-historia.jpg\" alt='' title='vivero-historia' height=\"470\" width=\"1451\"  itemprop=\"thumbnailUrl\" srcset=\"https:\/\/www.mvgarden.com\/garden-center\/wp-content\/uploads\/2021\/06\/vivero-historia.jpg 1451w, https:\/\/www.mvgarden.com\/garden-center\/wp-content\/uploads\/2021\/06\/vivero-historia-403x131.jpg 403w, https:\/\/www.mvgarden.com\/garden-center\/wp-content\/uploads\/2021\/06\/vivero-historia-826x268.jpg 826w, https:\/\/www.mvgarden.com\/garden-center\/wp-content\/uploads\/2021\/06\/vivero-historia-768x249.jpg 768w, https:\/\/www.mvgarden.com\/garden-center\/wp-content\/uploads\/2021\/06\/vivero-historia-705x228.jpg 705w\" sizes=\"(max-width: 1451px) 100vw, 1451px\" \/><\/div><\/div><\/div><\/div><section class=\"av_textblock_section \"  itemscope=\"itemscope\" itemtype=\"https:\/\/schema.org\/CreativeWork\" ><div class='avia_textblock  '   itemprop=\"text\" ><h1 style=\"text-align: center;\">CONOCE NUESTRA HISTORIA<\/h1>\n<\/div><\/section>\n\n<\/div><\/div><\/div><!-- close content main div --><\/div><\/div><div id='quienes_somos'  class='avia-section main_color avia-section-default avia-no-border-styling  avia-bg-style-scroll  avia-builder-el-5  el_after_av_section  el_before_av_section   container_wrap sidebar_right' style=' '  ><div class='container' ><div class='template-page content  av-content-small alpha units'><div class='post-entry post-entry-type-page post-entry-1071'><div class='entry-content-wrapper clearfix'>\n<section class=\"av_textblock_section \"  itemscope=\"itemscope\" itemtype=\"https:\/\/schema.org\/CreativeWork\" ><div class='avia_textblock  '   itemprop=\"text\" ><h2 style=\"text-align: center;\">QUIENES SOMOS<\/h2>\n<\/div><\/section>\n<div class='flex_column_table av-equal-height-column-flextable -flextable' ><div class=\"flex_column av_one_half  flex_column_table_cell av-equal-height-column av-align-top av-zero-column-padding first  avia-builder-el-7  el_after_av_textblock  el_before_av_one_half  column-top-margin\" style='border-radius:0px; '><section class=\"av_textblock_section \"  itemscope=\"itemscope\" itemtype=\"https:\/\/schema.org\/CreativeWork\" ><div class='avia_textblock  '   itemprop=\"text\" ><p>Somos un centro de jardiner\u00eda, decoraci\u00f3n y tienda de animales ubicado en Sopela (Bizkaia), a unos 20 minutos en coche de Bilbao. Nos diferenciamos porque disponemos de m\u00e1s de 20.000 metros cuadrados dedicados a la naturaleza y a su cuidado.<\/p>\n<p>Trabajamos <strong style=\"color: #88ba0b;\">m\u00e1s de 30 profesionales<\/strong>, todos con gran experiencia pero sobre todo con una gran pasi\u00f3n por la naturaleza. Nuestro principio es el mismo que estableci\u00f3 en la fundaci\u00f3n de Garden Center Sopela el abuelo Vicente: \u201catender a todos nuestros clientes con cari\u00f1o y amistad\u201d. Y su filosof\u00eda contin\u00faa. Seguimos con esta premisa m\u00e1s de cien a\u00f1os despu\u00e9s. Porque nos encanta hablar con nuestros clientes y tratarles siempre de una forma individualizada y cercana. Os podemos explicar las mejores soluciones para mejorar la calidad de vida de tus animales y plantas, porque tenemos a\u00f1os de experiencia y amamos nuestro trabajo.<\/p>\n<p>Contamos con m\u00e1s de 15.000 referencias de art\u00edculos de todo lo necesario para el cuidado del jard\u00edn y la huerta. Plantas, \u00e1rboles, herramientas, muebles de jard\u00edn y una florister\u00eda con gran variedad de flores frescas todos los d\u00edas. Tambi\u00e9n nos dedicamos a la venta y entrega en adopci\u00f3n de animales, as\u00ed como de todo lo necesario para su alimentaci\u00f3n y cuidado. Pienso para perros, gatos y p\u00e1jaros. Comida para peces, roedores, reptiles y tortugas. Puedes encontrar aqu\u00ed cualquier cosa que necesites para tu animal o planta.<\/p>\n<\/div><\/section><\/div><div class='av-flex-placeholder'><\/div><div class=\"flex_column av_one_half  flex_column_table_cell av-equal-height-column av-align-top av-zero-column-padding   avia-builder-el-9  el_after_av_one_half  avia-builder-el-last  column-top-margin\" style='border-radius:0px; '><section class=\"av_textblock_section \"  itemscope=\"itemscope\" itemtype=\"https:\/\/schema.org\/CreativeWork\" ><div class='avia_textblock  '   itemprop=\"text\" ><p>Disponemos de tienda online para tu mayor comodidad,<br \/>\npero en Garden Center<\/p>\n<div class=\"bloque_text_bgverde\">\u00a1Nos encanta que nos visites en persona!<\/div>\n<p>Porque adem\u00e1s podemos ayudarte dise\u00f1ando y construyendo tu jard\u00edn o terraza, para que sea ese espacio verde perfecto que deseas. Y como nos encanta llenar el mundo de flores, disponemos de un servicio de decoraci\u00f3n para bodas o eventos. Puedes preguntarnos todo lo que quieras sin ning\u00fan compromiso.<\/p>\n<p>Y si lo que quieres es aprender a hacerlo t\u00fa mismo y conocer m\u00e1s sobre plantas y animales \u00a1Tambi\u00e9n tenemos cursos pensados para ti! Puedes consultar en la web nuestras pr\u00f3ximas ediciones. \u00a1Vis\u00edtanos en Sopela para una experiencia 360\u00ba!<\/p>\n<\/div><\/section><\/div><\/div><!--close column table wrapper. Autoclose: 1 -->\n\n<\/div><\/div><\/div><!-- close content main div --><\/div><\/div><div id='nuestra_histora'  class='avia-section main_color avia-section-small avia-no-border-styling  avia-bg-style-scroll  avia-builder-el-11  el_after_av_section  el_before_av_section   container_wrap sidebar_right' style=' '  ><div class='container' ><div class='template-page content  av-content-small alpha units'><div class='post-entry post-entry-type-page post-entry-1071'><div class='entry-content-wrapper clearfix'>\n<section class=\"av_textblock_section \"  itemscope=\"itemscope\" itemtype=\"https:\/\/schema.org\/CreativeWork\" ><div class='avia_textblock  '   itemprop=\"text\" ><h2 style=\"text-align: center;\"><span class=\"titulo_max\">NUESTRA HISTORIA<\/span> <span class=\"titulo_min\">M\u00c1S DE UN SIGLO DEDICADOS A LA JARDINER\u00cdA<\/span><\/h2>\n<\/div><\/section>\n<div class='flex_column_table av-equal-height-column-flextable -flextable' ><div class=\"flex_column av_one_half  flex_column_table_cell av-equal-height-column av-align-middle av-zero-column-padding first  avia-builder-el-13  el_after_av_textblock  el_before_av_one_half  column-top-margin\" style='border-radius:0px; '><section class=\"av_textblock_section \"  itemscope=\"itemscope\" itemtype=\"https:\/\/schema.org\/CreativeWork\" ><div class='avia_textblock text_ico_container '   itemprop=\"text\" ><div class=\"ico_container\">\n<div class=\"ico_bg\"><img decoding=\"async\" class=\"alignnone size-full wp-image-1078\" src=\"https:\/\/www.mvgarden.com\/garden-center\/wp-content\/uploads\/2021\/06\/Grupo-90.png\" alt=\"\" width=\"111\" height=\"98\" \/><\/div>\n<\/div>\n<div class=\"text_ico_container\">\n<h3><span class=\"top_tit\">NUESTROS OR\u00cdGENES<\/span> <span class=\"bot_tit\">VICENTE MARTINEZ DE SALAZAR<\/span><\/h3>\n<p>En el a\u00f1o <strong style=\"color: #88ba0b;\">1885<\/strong> nuestro fundador, natural de Gijano de Mena (Burgos) se traslada a Francia. All\u00ed entra en contacto con diferentes productores de semillas del Pa\u00eds Vasco-Franc\u00e9s, que le ense\u00f1an las t\u00e9cnicas de secado, embolsado y comercializaci\u00f3n de semillas. Pasado un tiempo, y con todos sus nuevos conocimientos, decide regresar. En 1900 funda en Getxo (Vizcaya) su negocio de producci\u00f3n de semillas, bulbos y similares.<\/p>\n<p>Contin\u00faa la expansi\u00f3n de su peque\u00f1a empresa, debido a la gran demanda provocada por la creaci\u00f3n de nuevos barrios residenciales que solicitan plantas vivas, adem\u00e1s del dise\u00f1o y la construcci\u00f3n de jardines. Y as\u00ed decide expandir el negocio por tierras riojanas e inaugura una tienda de semillas, plantas y flores en la c\u00e9ntrica calle de Vara de Rey, de Logro\u00f1o.<\/p>\n<\/div>\n<\/div><\/section><\/div><div class='av-flex-placeholder'><\/div><div class=\"flex_column av_one_half  flex_column_table_cell av-equal-height-column av-align-middle av-zero-column-padding   avia-builder-el-15  el_after_av_one_half  el_before_av_one_half  column-top-margin\" style='border-radius:0px; '><div  class='avia-image-container  av-styling-    avia-builder-el-16  avia-builder-el-no-sibling  avia-align-right '  itemprop=\"image\" itemscope=\"itemscope\" itemtype=\"https:\/\/schema.org\/ImageObject\"  ><div class='avia-image-container-inner'><div class='avia-image-overlay-wrap'><img decoding=\"async\" class='wp-image-16381 avia-img-lazy-loading-not-16381 avia_image' src=\"https:\/\/www.mvgarden.com\/garden-center\/wp-content\/uploads\/2021\/09\/familia-403x375.jpg\" alt='' title='Familia Martinez Basaldua' height=\"375\" width=\"403\"  itemprop=\"thumbnailUrl\" srcset=\"https:\/\/www.mvgarden.com\/garden-center\/wp-content\/uploads\/2021\/09\/familia-403x375.jpg 403w, https:\/\/www.mvgarden.com\/garden-center\/wp-content\/uploads\/2021\/09\/familia-549x511.jpg 549w, https:\/\/www.mvgarden.com\/garden-center\/wp-content\/uploads\/2021\/09\/familia-768x715.jpg 768w, https:\/\/www.mvgarden.com\/garden-center\/wp-content\/uploads\/2021\/09\/familia-705x657.jpg 705w, https:\/\/www.mvgarden.com\/garden-center\/wp-content\/uploads\/2021\/09\/familia.jpg 1081w\" sizes=\"(max-width: 403px) 100vw, 403px\" \/><\/div><\/div><\/div><\/div><\/div><!--close column table wrapper. Autoclose: 1 --><div class='flex_column_table av-equal-height-column-flextable -flextable' ><div class=\"flex_column av_one_half  flex_column_table_cell av-equal-height-column av-align-middle av-zero-column-padding first  avia-builder-el-17  el_after_av_one_half  el_before_av_one_half  column-top-margin\" style='border-radius:0px; '><div  class='avia-image-container  av-styling-    avia-builder-el-18  avia-builder-el-no-sibling  avia-align-right '  itemprop=\"image\" itemscope=\"itemscope\" itemtype=\"https:\/\/schema.org\/ImageObject\"  ><div class='avia-image-container-inner'><div class='avia-image-overlay-wrap'><img decoding=\"async\" class='wp-image-16383 avia-img-lazy-loading-not-16383 avia_image' src=\"https:\/\/www.mvgarden.com\/garden-center\/wp-content\/uploads\/2021\/09\/casaBN-403x275.jpg\" alt='' title='casaBN' height=\"275\" width=\"403\"  itemprop=\"thumbnailUrl\" srcset=\"https:\/\/www.mvgarden.com\/garden-center\/wp-content\/uploads\/2021\/09\/casaBN-403x275.jpg 403w, https:\/\/www.mvgarden.com\/garden-center\/wp-content\/uploads\/2021\/09\/casaBN-750x511.jpg 750w, https:\/\/www.mvgarden.com\/garden-center\/wp-content\/uploads\/2021\/09\/casaBN-768x523.jpg 768w, https:\/\/www.mvgarden.com\/garden-center\/wp-content\/uploads\/2021\/09\/casaBN-1536x1047.jpg 1536w, https:\/\/www.mvgarden.com\/garden-center\/wp-content\/uploads\/2021\/09\/casaBN-1500x1022.jpg 1500w, https:\/\/www.mvgarden.com\/garden-center\/wp-content\/uploads\/2021\/09\/casaBN-705x480.jpg 705w, https:\/\/www.mvgarden.com\/garden-center\/wp-content\/uploads\/2021\/09\/casaBN.jpg 1554w\" sizes=\"(max-width: 403px) 100vw, 403px\" \/><\/div><\/div><\/div><\/div><div class='av-flex-placeholder'><\/div><div class=\"flex_column av_one_half  flex_column_table_cell av-equal-height-column av-align-middle av-zero-column-padding   avia-builder-el-19  el_after_av_one_half  el_before_av_one_half  column-top-margin\" style='border-radius:0px; '><section class=\"av_textblock_section \"  itemscope=\"itemscope\" itemtype=\"https:\/\/schema.org\/CreativeWork\" ><div class='avia_textblock text_ico_container '   itemprop=\"text\" ><div class=\"ico_container\">\n<div class=\"ico_bg\"><img decoding=\"async\" class=\"alignnone wp-image-1083 size-full\" src=\"https:\/\/www.mvgarden.com\/garden-center\/wp-content\/uploads\/2021\/06\/consolidacion.png\" alt=\"\" width=\"114\" height=\"86\" \/><\/div>\n<\/div>\n<div class=\"text_ico_container\">\n<h3><span class=\"top_tit\">LA CONSOLIDACI\u00d3N<\/span> <span class=\"bot_tit\">VICENTE MARTINEZ DE SALAZAR<\/span> <span class=\"bot_tit\">ARECHAVALA<\/span><\/h3>\n<p>Pero la Guerra Civil trastoca todos sus planes. Y cuando esta finaliza su hijo Vicente abandona su profesi\u00f3n de perito electricista y decide hacerse cargo del negocio familiar junto con su esposa, M\u00aa Luisa Basald\u00faa. Ambos trabajan en la mejora y crecimiento de la empresa, y reconstruir el sue\u00f1o truncado de su padre.<\/p>\n<\/div>\n<\/div><\/section><\/div><\/div><!--close column table wrapper. Autoclose: 1 --><div class='flex_column_table av-equal-height-column-flextable -flextable' ><div class=\"flex_column av_one_half  flex_column_table_cell av-equal-height-column av-align-top av-zero-column-padding first  avia-builder-el-21  el_after_av_one_half  el_before_av_one_half  column-top-margin\" style='border-radius:0px; '><section class=\"av_textblock_section \"  itemscope=\"itemscope\" itemtype=\"https:\/\/schema.org\/CreativeWork\" ><div class='avia_textblock text_ico_container '   itemprop=\"text\" ><div class=\"ico_container\">\n<div class=\"ico_bg\"><img decoding=\"async\" class=\"alignnone wp-image-1085 size-full\" src=\"https:\/\/www.mvgarden.com\/garden-center\/wp-content\/uploads\/2021\/06\/sello-garantia.png\" alt=\"\" width=\"97\" height=\"97\" srcset=\"https:\/\/www.mvgarden.com\/garden-center\/wp-content\/uploads\/2021\/06\/sello-garantia.png 97w, https:\/\/www.mvgarden.com\/garden-center\/wp-content\/uploads\/2021\/06\/sello-garantia-80x80.png 80w, https:\/\/www.mvgarden.com\/garden-center\/wp-content\/uploads\/2021\/06\/sello-garantia-36x36.png 36w\" sizes=\"(max-width: 97px) 100vw, 97px\" \/><\/div>\n<\/div>\n<div class=\"text_ico_container\">\n<h3><span class=\"top_tit\">GARDEN CENTER<\/span> <span class=\"bot_tit\">VICENTE MARTINEZ DE SALAZAR BASALD\u00daA<\/span><\/h3>\n<p>Vicente, hijo del anterior y nieto del fundador, <strong style=\"color: #88ba0b;\">termina sus estudios de Ingeniero T\u00e9cnico Agr\u00edcola<\/strong> y, poco despu\u00e9s, inaugura una tienda de flores en Neguri. El negocio vuelve a diversificarse al a\u00f1adir los encargos florales y la entrega a domicilio, integr\u00e1ndose en Interflora.<\/p>\n<p>Comienza a frecuentar exposiciones, concursos locales y comarcales. <strong style=\"color: #88ba0b;\">Recibe numerosos premios por la presentaci\u00f3n, calidad y variedad de sus productos.<\/strong> Algo que nos seguir\u00e1 caracterizando, y se mantiene actualmente como se\u00f1a de identidad.<\/p>\n<p>En la d\u00e9cada de los 70 se percata de las nuevas necesidades del p\u00fablico y decide dar un paso hacia adelante. Est\u00e1 llegando a Espa\u00f1a la tendencia de los centros de jardiner\u00eda que hab\u00eda comenzado en Estados Unidos en la d\u00e9cada de los 50. Es el a\u00f1o de la inauguraci\u00f3n de la tienda en su ubicaci\u00f3n actual en Sopela y el cambio de nombre comercial de Casa Reina, que era el utilizado hasta ahora, por Garden Center \u2013 Mundo Verde.<\/p>\n<\/div>\n<\/div><\/section><\/div><div class='av-flex-placeholder'><\/div><div class=\"flex_column av_one_half  flex_column_table_cell av-equal-height-column av-align-top   avia-builder-el-23  el_after_av_one_half  el_before_av_two_third  column-top-margin\" style='padding:100px 0px 0px 0px ; border-radius:0px; '><section class=\"av_textblock_section \"  itemscope=\"itemscope\" itemtype=\"https:\/\/schema.org\/CreativeWork\" ><div class='avia_textblock text_ico_container '   itemprop=\"text\" ><p>Y as\u00ed <strong>Garden Center Sopela inicia su andadura el 8 de Diciembre de 1.975.<\/strong> Somos uno de los primeros centros de jardiner\u00eda abiertos en Espa\u00f1a, tal y como consta en los or\u00edgenes de la Asociaci\u00f3n Espa\u00f1ola de Centros de Jardiner\u00eda, a la que pertenecemos desde su creaci\u00f3n en 1977.<\/p>\n<p>Vicente Mart\u00ednez Basaldua y Josefa Mara\u00f1\u00f3n Heras, son un matrimonio con muchas inquietudes y una amplia visi\u00f3n de futuro. Y vuelven a renovarse en 1992, siendo pioneros con las nuevas tendencias, inaugurando una gran secci\u00f3n de mascotas: Mascota Center. Y muy pronto tambi\u00e9n se convierte en referencia en el sector.<\/p>\n<\/div><\/section><\/div><\/div><!--close column table wrapper. Autoclose: 1 --><div class='flex_column_table av-equal-height-column-flextable -flextable' ><div class=\"flex_column av_two_third  flex_column_table_cell av-equal-height-column av-align-top av-zero-column-padding first  avia-builder-el-25  el_after_av_one_half  el_before_av_one_third  column-top-margin\" style='border-radius:0px; '><div  class='avia-image-container  av-styling-    avia-builder-el-26  avia-builder-el-no-sibling  avia-align-center '  itemprop=\"image\" itemscope=\"itemscope\" itemtype=\"https:\/\/schema.org\/ImageObject\"  ><div class='avia-image-container-inner'><div class='avia-image-overlay-wrap'><img decoding=\"async\" class='wp-image-1086 avia-img-lazy-loading-not-1086 avia_image' src=\"https:\/\/www.mvgarden.com\/garden-center\/wp-content\/uploads\/2021\/06\/personas-fundacion.jpg\" alt='' title='personas-fundacion' height=\"510\" width=\"851\"  itemprop=\"thumbnailUrl\" srcset=\"https:\/\/www.mvgarden.com\/garden-center\/wp-content\/uploads\/2021\/06\/personas-fundacion.jpg 851w, https:\/\/www.mvgarden.com\/garden-center\/wp-content\/uploads\/2021\/06\/personas-fundacion-403x242.jpg 403w, https:\/\/www.mvgarden.com\/garden-center\/wp-content\/uploads\/2021\/06\/personas-fundacion-826x495.jpg 826w, https:\/\/www.mvgarden.com\/garden-center\/wp-content\/uploads\/2021\/06\/personas-fundacion-768x460.jpg 768w, https:\/\/www.mvgarden.com\/garden-center\/wp-content\/uploads\/2021\/06\/personas-fundacion-705x423.jpg 705w\" sizes=\"(max-width: 851px) 100vw, 851px\" \/><\/div><\/div><\/div><\/div><div class='av-flex-placeholder'><\/div><div class=\"flex_column av_one_third  flex_column_table_cell av-equal-height-column av-align-top av-zero-column-padding   avia-builder-el-27  el_after_av_two_third  el_before_av_two_third  column-top-margin\" style='border-radius:0px; '><div  class='avia-image-container  av-styling-    avia-builder-el-28  avia-builder-el-no-sibling  avia-align-right '  itemprop=\"image\" itemscope=\"itemscope\" itemtype=\"https:\/\/schema.org\/ImageObject\"  ><div class='avia-image-container-inner'><div class='avia-image-overlay-wrap'><img decoding=\"async\" class='wp-image-16378 avia-img-lazy-loading-not-16378 avia_image' src=\"https:\/\/www.mvgarden.com\/garden-center\/wp-content\/uploads\/2021\/09\/Garden-Center-PrimerEdifici-1-403x277.jpg\" alt='' title='Garden-Center-PrimerEdifici' height=\"277\" width=\"403\"  itemprop=\"thumbnailUrl\" srcset=\"https:\/\/www.mvgarden.com\/garden-center\/wp-content\/uploads\/2021\/09\/Garden-Center-PrimerEdifici-1-403x277.jpg 403w, https:\/\/www.mvgarden.com\/garden-center\/wp-content\/uploads\/2021\/09\/Garden-Center-PrimerEdifici-1-743x511.jpg 743w, https:\/\/www.mvgarden.com\/garden-center\/wp-content\/uploads\/2021\/09\/Garden-Center-PrimerEdifici-1-768x528.jpg 768w, https:\/\/www.mvgarden.com\/garden-center\/wp-content\/uploads\/2021\/09\/Garden-Center-PrimerEdifici-1-1536x1056.jpg 1536w, https:\/\/www.mvgarden.com\/garden-center\/wp-content\/uploads\/2021\/09\/Garden-Center-PrimerEdifici-1-1500x1031.jpg 1500w, https:\/\/www.mvgarden.com\/garden-center\/wp-content\/uploads\/2021\/09\/Garden-Center-PrimerEdifici-1-705x485.jpg 705w, https:\/\/www.mvgarden.com\/garden-center\/wp-content\/uploads\/2021\/09\/Garden-Center-PrimerEdifici-1.jpg 1801w\" sizes=\"(max-width: 403px) 100vw, 403px\" \/><\/div><\/div><\/div><\/div><\/div><!--close column table wrapper. Autoclose: 1 --><div class='flex_column_table av-equal-height-column-flextable -flextable' ><div class=\"flex_column av_two_third  flex_column_table_cell av-equal-height-column av-align-middle av-zero-column-padding first  avia-builder-el-29  el_after_av_one_third  el_before_av_one_third  column-top-margin\" style='border-radius:0px; '><section class=\"av_textblock_section \"  itemscope=\"itemscope\" itemtype=\"https:\/\/schema.org\/CreativeWork\" ><div class='avia_textblock text_ico_container '   itemprop=\"text\" ><div class=\"ico_container\">\n<div class=\"ico_bg\"><img decoding=\"async\" class=\"alignnone wp-image-1078 size-full\" src=\"https:\/\/www.mvgarden.com\/garden-center\/wp-content\/uploads\/2021\/06\/Grupo-90.png\" alt=\"\" width=\"111\" height=\"98\" \/><\/div>\n<\/div>\n<div class=\"text_ico_container\">\n<h3><span class=\"top_tit\">LA CUARTA GENERACI\u00d3N<\/span> <span class=\"bot_tit\">GONZALO Y VICENTE MARTINEZ <\/span> <span class=\"bot_tit\">DE SALAZAR MARA\u00d1\u00d3N<\/span><\/h3>\n<p><strong style=\"color: #88ba0b;\">En la d\u00e9cada de los 90, y con los estudios de ingeniero agr\u00f3nomo y paisajismo terminados<\/strong>, se integran en la empresa los hermanos Gonzalo y Vicente, hijos del matrimonio. Son la cuarta generaci\u00f3n de la familia al frente.<br \/>\nDesde su incorporaci\u00f3n a la empresa, ambos visitan grandes exposiciones de horticultura y centros de producci\u00f3n internacionales, donde adquieren nuevas visiones comerciales que luego aplicar\u00e1n a la empresa.<\/p>\n<p>Esta es nuestra historia y la de nuestra familia. Una historia que va unida a la vida de sus fundadores. Somos una empresa familiar que continua con nuestro legado del amor por la naturaleza y la pasi\u00f3n por la atenci\u00f3n al cliente.<\/p>\n<\/div>\n<\/div><\/section><\/div><div class='av-flex-placeholder'><\/div><div class=\"flex_column av_one_third  flex_column_table_cell av-equal-height-column av-align-middle av-zero-column-padding   avia-builder-el-31  el_after_av_two_third  el_before_av_one_half  column-top-margin\" style='border-radius:0px; '><p><div  class='avia-image-container  av-styling-   av-medium-hide av-small-hide av-mini-hide  avia-builder-el-32  el_before_av_image  avia-builder-el-first  avia-align-right '  itemprop=\"image\" itemscope=\"itemscope\" itemtype=\"https:\/\/schema.org\/ImageObject\"  ><div class='avia-image-container-inner'><div class='avia-image-overlay-wrap'><img decoding=\"async\" class='wp-image-1087 avia-img-lazy-loading-not-1087 avia_image' src=\"https:\/\/www.mvgarden.com\/garden-center\/wp-content\/uploads\/2021\/06\/mapa-lugar.jpg\" alt='' title='mapa-lugar' height=\"409\" width=\"405\"  itemprop=\"thumbnailUrl\" srcset=\"https:\/\/www.mvgarden.com\/garden-center\/wp-content\/uploads\/2021\/06\/mapa-lugar.jpg 405w, https:\/\/www.mvgarden.com\/garden-center\/wp-content\/uploads\/2021\/06\/mapa-lugar-399x403.jpg 399w, https:\/\/www.mvgarden.com\/garden-center\/wp-content\/uploads\/2021\/06\/mapa-lugar-80x80.jpg 80w, https:\/\/www.mvgarden.com\/garden-center\/wp-content\/uploads\/2021\/06\/mapa-lugar-36x36.jpg 36w\" sizes=\"(max-width: 405px) 100vw, 405px\" \/><\/div><\/div><\/div><br \/>\n<div  class='avia-image-container  av-styling-   av-desktop-hide  avia-builder-el-33  el_after_av_image  avia-builder-el-last  avia-align-right '  itemprop=\"image\" itemscope=\"itemscope\" itemtype=\"https:\/\/schema.org\/ImageObject\"  ><div class='avia-image-container-inner'><div class='avia-image-overlay-wrap'><img decoding=\"async\" class='wp-image-1089 avia-img-lazy-loading-not-1089 avia_image' src=\"https:\/\/www.mvgarden.com\/garden-center\/wp-content\/uploads\/2021\/06\/personas-actualidad.jpg\" alt='' title='personas-actualidad' height=\"415\" width=\"650\"  itemprop=\"thumbnailUrl\" srcset=\"https:\/\/www.mvgarden.com\/garden-center\/wp-content\/uploads\/2021\/06\/personas-actualidad.jpg 650w, https:\/\/www.mvgarden.com\/garden-center\/wp-content\/uploads\/2021\/06\/personas-actualidad-403x257.jpg 403w\" sizes=\"(max-width: 650px) 100vw, 650px\" \/><\/div><\/div><\/div><\/p><\/div><\/div><!--close column table wrapper. Autoclose: 1 --><div class='flex_column_table av-equal-height-column-flextable -flextable' ><div class=\"flex_column av_one_half  flex_column_table_cell av-equal-height-column av-align-top av-zero-column-padding first  avia-builder-el-34  el_after_av_one_third  el_before_av_one_half  column-top-margin\" style='border-radius:0px; '><p><div  class='avia-image-container  av-styling-   av-medium-hide av-small-hide av-mini-hide  avia-builder-el-35  el_before_av_image  avia-builder-el-first  avia-align-right '  itemprop=\"image\" itemscope=\"itemscope\" itemtype=\"https:\/\/schema.org\/ImageObject\"  ><div class='avia-image-container-inner'><div class='avia-image-overlay-wrap'><img decoding=\"async\" class='wp-image-1089 avia-img-lazy-loading-not-1089 avia_image' src=\"https:\/\/www.mvgarden.com\/garden-center\/wp-content\/uploads\/2021\/06\/personas-actualidad.jpg\" alt='' title='personas-actualidad' height=\"415\" width=\"650\"  itemprop=\"thumbnailUrl\" srcset=\"https:\/\/www.mvgarden.com\/garden-center\/wp-content\/uploads\/2021\/06\/personas-actualidad.jpg 650w, https:\/\/www.mvgarden.com\/garden-center\/wp-content\/uploads\/2021\/06\/personas-actualidad-403x257.jpg 403w\" sizes=\"(max-width: 650px) 100vw, 650px\" \/><\/div><\/div><\/div><br \/>\n<div  class='avia-image-container  av-styling-   av-desktop-hide  avia-builder-el-36  el_after_av_image  avia-builder-el-last  avia-align-right '  itemprop=\"image\" itemscope=\"itemscope\" itemtype=\"https:\/\/schema.org\/ImageObject\"  ><div class='avia-image-container-inner'><div class='avia-image-overlay-wrap'><img decoding=\"async\" class='wp-image-1087 avia-img-lazy-loading-not-1087 avia_image' src=\"https:\/\/www.mvgarden.com\/garden-center\/wp-content\/uploads\/2021\/06\/mapa-lugar.jpg\" alt='' title='mapa-lugar' height=\"409\" width=\"405\"  itemprop=\"thumbnailUrl\" srcset=\"https:\/\/www.mvgarden.com\/garden-center\/wp-content\/uploads\/2021\/06\/mapa-lugar.jpg 405w, https:\/\/www.mvgarden.com\/garden-center\/wp-content\/uploads\/2021\/06\/mapa-lugar-399x403.jpg 399w, https:\/\/www.mvgarden.com\/garden-center\/wp-content\/uploads\/2021\/06\/mapa-lugar-80x80.jpg 80w, https:\/\/www.mvgarden.com\/garden-center\/wp-content\/uploads\/2021\/06\/mapa-lugar-36x36.jpg 36w\" sizes=\"(max-width: 405px) 100vw, 405px\" \/><\/div><\/div><\/div><\/p><\/div><div class='av-flex-placeholder'><\/div><div class=\"flex_column av_one_half  flex_column_table_cell av-equal-height-column av-align-top av-zero-column-padding   avia-builder-el-37  el_after_av_one_half  el_before_av_one_full  column-top-margin\" style='border-radius:0px; '><div  class='avia-image-container  av-styling-    avia-builder-el-38  avia-builder-el-no-sibling  avia-align-right '  itemprop=\"image\" itemscope=\"itemscope\" itemtype=\"https:\/\/schema.org\/ImageObject\"  ><div class='avia-image-container-inner'><div class='avia-image-overlay-wrap'><img decoding=\"async\" class='wp-image-1090 avia-img-lazy-loading-not-1090 avia_image' src=\"https:\/\/www.mvgarden.com\/garden-center\/wp-content\/uploads\/2021\/06\/Enmascarar-grupo-14.jpg\" alt='' title='Enmascarar grupo 14' height=\"415\" width=\"605\"  itemprop=\"thumbnailUrl\" srcset=\"https:\/\/www.mvgarden.com\/garden-center\/wp-content\/uploads\/2021\/06\/Enmascarar-grupo-14.jpg 605w, https:\/\/www.mvgarden.com\/garden-center\/wp-content\/uploads\/2021\/06\/Enmascarar-grupo-14-403x276.jpg 403w\" sizes=\"(max-width: 605px) 100vw, 605px\" \/><\/div><\/div><\/div><\/div><\/div><!--close column table wrapper. Autoclose: 1 --><div class='flex_column_table av-equal-height-column-flextable -flextable' ><div class=\"flex_column av_one_full  flex_column_table_cell av-equal-height-column av-align-top av-zero-column-padding first  avia-builder-el-39  el_after_av_one_half  avia-builder-el-last  column-top-margin\" style='border-radius:0px; '><div  class='avia-image-container  av-styling-    avia-builder-el-40  avia-builder-el-no-sibling  avia-align-right '  itemprop=\"image\" itemscope=\"itemscope\" itemtype=\"https:\/\/schema.org\/ImageObject\"  ><div class='avia-image-container-inner'><div class='avia-image-overlay-wrap'><img decoding=\"async\" class='wp-image-1091 avia-img-lazy-loading-not-1091 avia_image' src=\"https:\/\/www.mvgarden.com\/garden-center\/wp-content\/uploads\/2021\/06\/vista-panoramica-garden-center.jpg\" alt='' title='vista-panoramica-garden-center' height=\"543\" width=\"1300\"  itemprop=\"thumbnailUrl\" srcset=\"https:\/\/www.mvgarden.com\/garden-center\/wp-content\/uploads\/2021\/06\/vista-panoramica-garden-center.jpg 1300w, https:\/\/www.mvgarden.com\/garden-center\/wp-content\/uploads\/2021\/06\/vista-panoramica-garden-center-403x168.jpg 403w, https:\/\/www.mvgarden.com\/garden-center\/wp-content\/uploads\/2021\/06\/vista-panoramica-garden-center-826x345.jpg 826w, https:\/\/www.mvgarden.com\/garden-center\/wp-content\/uploads\/2021\/06\/vista-panoramica-garden-center-768x321.jpg 768w, https:\/\/www.mvgarden.com\/garden-center\/wp-content\/uploads\/2021\/06\/vista-panoramica-garden-center-705x294.jpg 705w\" sizes=\"(max-width: 1300px) 100vw, 1300px\" \/><\/div><\/div><\/div><\/div><\/div><!--close column table wrapper. Autoclose: 1 --><\/div><\/div><\/div><!-- close content main div --><\/div><\/div><div id='quienes_somos_footer'  class='avia-section main_color avia-section-default avia-no-border-styling  avia-full-stretch avia-bg-style-scroll  avia-builder-el-41  el_after_av_section  avia-builder-el-last   container_wrap sidebar_right' style='background-repeat: no-repeat; background-image: url(https:\/\/www.mvgarden.com\/garden-center\/wp-content\/uploads\/2021\/06\/joven-perro-jardin-1.jpg);background-attachment: scroll; background-position: top left;  margin-top:50px; margin-bottom:50px; '  data-section-bg-repeat='stretch'><div class='container' ><div class='template-page content  av-content-small alpha units'><div class='post-entry post-entry-type-page post-entry-1071'><div class='entry-content-wrapper clearfix'>\n<section class=\"av_textblock_section \"  itemscope=\"itemscope\" itemtype=\"https:\/\/schema.org\/CreativeWork\" ><div class='avia_textblock  '   itemprop=\"text\" ><p><em>\u00abA veces, cuando echamos la vista atr\u00e1s, el camino recorrido se convierte ante nuestros ojos en un viaje por la vida, por la historia y por los momentos \u00fanicos de cada d\u00eda. Y ahora, desde esta atalaya de m\u00e1s de un siglo de experiencia, miramos y vemos c\u00f3mo, tras nosotros, se suceden los esfuerzos de cuatro generaciones.<\/em><\/p>\n<p><em>Decenas de personas que a lo largo de estos a\u00f1os emplearon su iniciativa, su visi\u00f3n, su esfuerzo y su tes\u00f3n para crear y engrandecer lo que hoy es uno de los principales viveros ornamentales del norte de Espa\u00f1a.<\/em><\/p>\n<p><em>Con estas l\u00edneas solamente pretendemos dotar de cuerpo al respeto y homenaje que nos provoca este recuerdo. El respeto y homenaje que merecen quienes de donde no hab\u00eda nada hicieron un peque\u00f1o negocio primero y, despu\u00e9s, una cadena de instalaciones que no s\u00f3lo se extiende hasta nuestros d\u00edas sino que proyecta todas sus posibilidades hacia el futuro. Quienes construyeron el camino por el que nosotros transitamos, y el que seguir\u00e1n nuestros hijos. El camino que nos lleva a usted, amigo m\u00edo.<\/em><\/p>\n<p><em>Siga con nosotros, por estas l\u00edneas, ese camino. Recorra a nuestro lado el recuerdo y el tributo de m\u00e1s de un siglo de esfuerzo. El esfuerzo de una familia. La nuestra\u00bb<\/em><\/p>\n<p><strong>Fdo. Vicente Mart\u00ednez Basaldua (1943-2008)<\/strong><\/p>\n<\/div><\/section>\n<\/div><\/div><\/div><!-- close content main div --><\/div><\/div><div id='after_section_4'  class='main_color av_default_container_wrap container_wrap sidebar_right' style=' '  ><div class='container' ><div class='template-page content  av-content-small alpha units'><div class='post-entry post-entry-type-page post-entry-1071'><div class='entry-content-wrapper clearfix'><\/p>\n","protected":false},"excerpt":{"rendered":"","protected":false},"author":1,"featured_media":0,"parent":0,"menu_order":0,"comment_status":"closed","ping_status":"closed","template":"","meta":{"inline_featured_image":false,"footnotes":""},"class_list":["post-1071","page","type-page","status-publish","hentry"],"yoast_head":"<!-- This site is optimized with the Yoast SEO plugin v27.5 - https:\/\/yoast.com\/product\/yoast-seo-wordpress\/ -->\n<title>Quienes somos. Con\u00f3cenos un poco m\u00e1s - Mvgarden<\/title>\n<meta name=\"description\" content=\"Quienes somos explica nuestra pasi\u00f3n por nuestro trabajo. Y tambi\u00e9n como una empresa familiar ha evolucionado durante generaciones.\" \/>\n<meta name=\"robots\" content=\"index, follow, max-snippet:-1, max-image-preview:large, max-video-preview:-1\" \/>\n<link rel=\"canonical\" href=\"https:\/\/www.mvgarden.com\/garden-center\/quienes-somos\/\" \/>\n<meta property=\"og:locale\" content=\"es_ES\" \/>\n<meta property=\"og:type\" content=\"article\" \/>\n<meta property=\"og:title\" content=\"Quienes somos. Con\u00f3cenos un poco m\u00e1s - Mvgarden\" \/>\n<meta property=\"og:description\" content=\"Quienes somos explica nuestra pasi\u00f3n por nuestro trabajo. Y tambi\u00e9n como una empresa familiar ha evolucionado durante generaciones.\" \/>\n<meta property=\"og:url\" content=\"https:\/\/www.mvgarden.com\/garden-center\/quienes-somos\/\" \/>\n<meta property=\"og:site_name\" content=\"Mvgarden\" \/>\n<meta property=\"article:publisher\" content=\"https:\/\/www.facebook.com\/mvgarden.sopelana\/\" \/>\n<meta property=\"article:modified_time\" content=\"2021-09-20T12:13:24+00:00\" \/>\n<meta property=\"og:image\" content=\"https:\/\/www.mvgarden.com\/garden-center\/wp-content\/uploads\/2021\/06\/Grupo-90.png\" \/>\n<meta name=\"twitter:card\" content=\"summary_large_image\" \/>\n<meta name=\"twitter:label1\" content=\"Tiempo de lectura\" \/>\n\t<meta name=\"twitter:data1\" content=\"28 minutos\" \/>\n<script type=\"application\/ld+json\" class=\"yoast-schema-graph\">{\"@context\":\"https:\\\/\\\/schema.org\",\"@graph\":[{\"@type\":\"WebPage\",\"@id\":\"https:\\\/\\\/www.mvgarden.com\\\/garden-center\\\/quienes-somos\\\/\",\"url\":\"https:\\\/\\\/www.mvgarden.com\\\/garden-center\\\/quienes-somos\\\/\",\"name\":\"Quienes somos. Con\u00f3cenos un poco m\u00e1s - Mvgarden\",\"isPartOf\":{\"@id\":\"https:\\\/\\\/www.mvgarden.com\\\/garden-center\\\/#website\"},\"primaryImageOfPage\":{\"@id\":\"https:\\\/\\\/www.mvgarden.com\\\/garden-center\\\/quienes-somos\\\/#primaryimage\"},\"image\":{\"@id\":\"https:\\\/\\\/www.mvgarden.com\\\/garden-center\\\/quienes-somos\\\/#primaryimage\"},\"thumbnailUrl\":\"https:\\\/\\\/www.mvgarden.com\\\/garden-center\\\/wp-content\\\/uploads\\\/2021\\\/06\\\/Grupo-90.png\",\"datePublished\":\"2021-06-24T13:56:00+00:00\",\"dateModified\":\"2021-09-20T12:13:24+00:00\",\"description\":\"Quienes somos explica nuestra pasi\u00f3n por nuestro trabajo. Y tambi\u00e9n como una empresa familiar ha evolucionado durante generaciones.\",\"breadcrumb\":{\"@id\":\"https:\\\/\\\/www.mvgarden.com\\\/garden-center\\\/quienes-somos\\\/#breadcrumb\"},\"inLanguage\":\"es\",\"potentialAction\":[{\"@type\":\"ReadAction\",\"target\":[\"https:\\\/\\\/www.mvgarden.com\\\/garden-center\\\/quienes-somos\\\/\"]}]},{\"@type\":\"ImageObject\",\"inLanguage\":\"es\",\"@id\":\"https:\\\/\\\/www.mvgarden.com\\\/garden-center\\\/quienes-somos\\\/#primaryimage\",\"url\":\"https:\\\/\\\/www.mvgarden.com\\\/garden-center\\\/wp-content\\\/uploads\\\/2021\\\/06\\\/Grupo-90.png\",\"contentUrl\":\"https:\\\/\\\/www.mvgarden.com\\\/garden-center\\\/wp-content\\\/uploads\\\/2021\\\/06\\\/Grupo-90.png\",\"width\":111,\"height\":98},{\"@type\":\"BreadcrumbList\",\"@id\":\"https:\\\/\\\/www.mvgarden.com\\\/garden-center\\\/quienes-somos\\\/#breadcrumb\",\"itemListElement\":[{\"@type\":\"ListItem\",\"position\":1,\"name\":\"Portada\",\"item\":\"https:\\\/\\\/www.mvgarden.com\\\/garden-center\\\/\"},{\"@type\":\"ListItem\",\"position\":2,\"name\":\"Quienes somos\"}]},{\"@type\":\"WebSite\",\"@id\":\"https:\\\/\\\/www.mvgarden.com\\\/garden-center\\\/#website\",\"url\":\"https:\\\/\\\/www.mvgarden.com\\\/garden-center\\\/\",\"name\":\"Garden Center\",\"description\":\"Garden center Sopela\",\"publisher\":{\"@id\":\"https:\\\/\\\/www.mvgarden.com\\\/garden-center\\\/#organization\"},\"potentialAction\":[{\"@type\":\"SearchAction\",\"target\":{\"@type\":\"EntryPoint\",\"urlTemplate\":\"https:\\\/\\\/www.mvgarden.com\\\/garden-center\\\/?s={search_term_string}\"},\"query-input\":{\"@type\":\"PropertyValueSpecification\",\"valueRequired\":true,\"valueName\":\"search_term_string\"}}],\"inLanguage\":\"es\"},{\"@type\":\"Organization\",\"@id\":\"https:\\\/\\\/www.mvgarden.com\\\/garden-center\\\/#organization\",\"name\":\"Garden Center\",\"url\":\"https:\\\/\\\/www.mvgarden.com\\\/garden-center\\\/\",\"logo\":{\"@type\":\"ImageObject\",\"inLanguage\":\"es\",\"@id\":\"https:\\\/\\\/www.mvgarden.com\\\/garden-center\\\/#\\\/schema\\\/logo\\\/image\\\/\",\"url\":\"https:\\\/\\\/www.mvgarden.com\\\/garden-center\\\/wp-content\\\/uploads\\\/2024\\\/05\\\/logo_mv_form.png\",\"contentUrl\":\"https:\\\/\\\/www.mvgarden.com\\\/garden-center\\\/wp-content\\\/uploads\\\/2024\\\/05\\\/logo_mv_form.png\",\"width\":127,\"height\":97,\"caption\":\"Garden Center\"},\"image\":{\"@id\":\"https:\\\/\\\/www.mvgarden.com\\\/garden-center\\\/#\\\/schema\\\/logo\\\/image\\\/\"},\"sameAs\":[\"https:\\\/\\\/www.facebook.com\\\/mvgarden.sopelana\\\/\",\"https:\\\/\\\/www.instagram.com\\\/gardencentersopela\"]}]}<\/script>\n<!-- \/ Yoast SEO plugin. -->","yoast_head_json":{"title":"Quienes somos. Con\u00f3cenos un poco m\u00e1s - Mvgarden","description":"Quienes somos explica nuestra pasi\u00f3n por nuestro trabajo. Y tambi\u00e9n como una empresa familiar ha evolucionado durante generaciones.","robots":{"index":"index","follow":"follow","max-snippet":"max-snippet:-1","max-image-preview":"max-image-preview:large","max-video-preview":"max-video-preview:-1"},"canonical":"https:\/\/www.mvgarden.com\/garden-center\/quienes-somos\/","og_locale":"es_ES","og_type":"article","og_title":"Quienes somos. Con\u00f3cenos un poco m\u00e1s - Mvgarden","og_description":"Quienes somos explica nuestra pasi\u00f3n por nuestro trabajo. Y tambi\u00e9n como una empresa familiar ha evolucionado durante generaciones.","og_url":"https:\/\/www.mvgarden.com\/garden-center\/quienes-somos\/","og_site_name":"Mvgarden","article_publisher":"https:\/\/www.facebook.com\/mvgarden.sopelana\/","article_modified_time":"2021-09-20T12:13:24+00:00","og_image":[{"url":"https:\/\/www.mvgarden.com\/garden-center\/wp-content\/uploads\/2021\/06\/Grupo-90.png","type":"","width":"","height":""}],"twitter_card":"summary_large_image","twitter_misc":{"Tiempo de lectura":"28 minutos"},"schema":{"@context":"https:\/\/schema.org","@graph":[{"@type":"WebPage","@id":"https:\/\/www.mvgarden.com\/garden-center\/quienes-somos\/","url":"https:\/\/www.mvgarden.com\/garden-center\/quienes-somos\/","name":"Quienes somos. Con\u00f3cenos un poco m\u00e1s - Mvgarden","isPartOf":{"@id":"https:\/\/www.mvgarden.com\/garden-center\/#website"},"primaryImageOfPage":{"@id":"https:\/\/www.mvgarden.com\/garden-center\/quienes-somos\/#primaryimage"},"image":{"@id":"https:\/\/www.mvgarden.com\/garden-center\/quienes-somos\/#primaryimage"},"thumbnailUrl":"https:\/\/www.mvgarden.com\/garden-center\/wp-content\/uploads\/2021\/06\/Grupo-90.png","datePublished":"2021-06-24T13:56:00+00:00","dateModified":"2021-09-20T12:13:24+00:00","description":"Quienes somos explica nuestra pasi\u00f3n por nuestro trabajo. Y tambi\u00e9n como una empresa familiar ha evolucionado durante generaciones.","breadcrumb":{"@id":"https:\/\/www.mvgarden.com\/garden-center\/quienes-somos\/#breadcrumb"},"inLanguage":"es","potentialAction":[{"@type":"ReadAction","target":["https:\/\/www.mvgarden.com\/garden-center\/quienes-somos\/"]}]},{"@type":"ImageObject","inLanguage":"es","@id":"https:\/\/www.mvgarden.com\/garden-center\/quienes-somos\/#primaryimage","url":"https:\/\/www.mvgarden.com\/garden-center\/wp-content\/uploads\/2021\/06\/Grupo-90.png","contentUrl":"https:\/\/www.mvgarden.com\/garden-center\/wp-content\/uploads\/2021\/06\/Grupo-90.png","width":111,"height":98},{"@type":"BreadcrumbList","@id":"https:\/\/www.mvgarden.com\/garden-center\/quienes-somos\/#breadcrumb","itemListElement":[{"@type":"ListItem","position":1,"name":"Portada","item":"https:\/\/www.mvgarden.com\/garden-center\/"},{"@type":"ListItem","position":2,"name":"Quienes somos"}]},{"@type":"WebSite","@id":"https:\/\/www.mvgarden.com\/garden-center\/#website","url":"https:\/\/www.mvgarden.com\/garden-center\/","name":"Garden Center","description":"Garden center Sopela","publisher":{"@id":"https:\/\/www.mvgarden.com\/garden-center\/#organization"},"potentialAction":[{"@type":"SearchAction","target":{"@type":"EntryPoint","urlTemplate":"https:\/\/www.mvgarden.com\/garden-center\/?s={search_term_string}"},"query-input":{"@type":"PropertyValueSpecification","valueRequired":true,"valueName":"search_term_string"}}],"inLanguage":"es"},{"@type":"Organization","@id":"https:\/\/www.mvgarden.com\/garden-center\/#organization","name":"Garden Center","url":"https:\/\/www.mvgarden.com\/garden-center\/","logo":{"@type":"ImageObject","inLanguage":"es","@id":"https:\/\/www.mvgarden.com\/garden-center\/#\/schema\/logo\/image\/","url":"https:\/\/www.mvgarden.com\/garden-center\/wp-content\/uploads\/2024\/05\/logo_mv_form.png","contentUrl":"https:\/\/www.mvgarden.com\/garden-center\/wp-content\/uploads\/2024\/05\/logo_mv_form.png","width":127,"height":97,"caption":"Garden Center"},"image":{"@id":"https:\/\/www.mvgarden.com\/garden-center\/#\/schema\/logo\/image\/"},"sameAs":["https:\/\/www.facebook.com\/mvgarden.sopelana\/","https:\/\/www.instagram.com\/gardencentersopela"]}]}},"_links":{"self":[{"href":"https:\/\/www.mvgarden.com\/garden-center\/wp-json\/wp\/v2\/pages\/1071","targetHints":{"allow":["GET"]}}],"collection":[{"href":"https:\/\/www.mvgarden.com\/garden-center\/wp-json\/wp\/v2\/pages"}],"about":[{"href":"https:\/\/www.mvgarden.com\/garden-center\/wp-json\/wp\/v2\/types\/page"}],"author":[{"embeddable":true,"href":"https:\/\/www.mvgarden.com\/garden-center\/wp-json\/wp\/v2\/users\/1"}],"replies":[{"embeddable":true,"href":"https:\/\/www.mvgarden.com\/garden-center\/wp-json\/wp\/v2\/comments?post=1071"}],"version-history":[{"count":31,"href":"https:\/\/www.mvgarden.com\/garden-center\/wp-json\/wp\/v2\/pages\/1071\/revisions"}],"predecessor-version":[{"id":16374,"href":"https:\/\/www.mvgarden.com\/garden-center\/wp-json\/wp\/v2\/pages\/1071\/revisions\/16374"}],"wp:attachment":[{"href":"https:\/\/www.mvgarden.com\/garden-center\/wp-json\/wp\/v2\/media?parent=1071"}],"curies":[{"name":"wp","href":"https:\/\/api.w.org\/{rel}","templated":true}]}}